{"id":1230,"date":"2020-10-21T11:27:43","date_gmt":"2020-10-21T09:27:43","guid":{"rendered":"https:\/\/home-stories.es\/compra\/"},"modified":"2021-07-01T12:09:55","modified_gmt":"2021-07-01T10:09:55","slug":"compra","status":"publish","type":"page","link":"https:\/\/home-stories.es\/en\/compra\/","title":{"rendered":"On sale"},"content":{"rendered":"<div class=\"row align-middle\"  id=\"row-1519975648\">\n\n\t<div id=\"col-171956331\" class=\"col medium-6 small-12 large-6\"  >\n\t\t<div class=\"col-inner\"  >\n\t\t\t\n\t\t\t\n<h1 class=\"fs56 normal verde\" style=\"margin-bottom:15px;\">On sale<sup class=\"fs20\" style=\"position:relative;top:-10px;\">28<\/sup><\/h1>\n<div><a class=\"fs20 verde\" href=\"\/compra\/barcelona\/\" style=\"margin-right:20px;\">Barcelona<\/a> <a class=\"fs20 verde\" href=\"\/compra\/valencia\/\">Valencia<\/a> <\/div>\n\t\t<\/div>\n\t\t\t<\/div>\n\n\t\n\n\t<div id=\"col-156385753\" class=\"col medium-6 small-12 large-6\"  >\n\t\t<div class=\"col-inner text-right\"  >\n\t\t\t\n\t\t\t\n<div class=\"fs28 normal verde\" ><a href=\"\/personal-shopper\/\" class=\"verde link-subrayar\">Do you need us to find your new Stories?<\/a><\/div>\n\t\t<\/div>\n\t\t\t<\/div>\n\n\t\n<\/div>\n<div id=\"portfolio-32044389\" class=\"portfolio-element-wrapper hs-filtering\"><div style=\"display:none;\">Array\n(\n    [post_type] => featured_item\n    [offset] => \n    [order] => desc\n    [orderby] => menu_order\n    [posts_per_page] => -1\n    [tax_query] => Array\n        (\n            [0] => Array\n                (\n                    [taxonomy] => featured_item_category\n                    [field] => id\n                    [terms] => 4\n                )\n\n        )\n\n)\n<\/div>\n  \n    <div class=\"row large-columns-3 medium-columns-2 small-columns-1 row-large\">\n              <div class=\"col\" data-zona=\"\" data-tipo=\"\" data-metros=\"\" data-habitaciones=\"\" data-banos=\"\" data-precio=\"\" >\n          <div class=\"col-inner\" >\n          <a href=\"https:\/\/home-stories.es\/en\/propiedad\/expresion-personal-sant-gervasi\/\" class=\"plain \">\n            <div class=\"img has-hover x md-x lg-x y md-y lg-y\" style=\"width: 100%;\">\n              <div class=\"img-inner image-overlay-add image-cover dark\" style=\"padding-top:80%;margin:0 0px 0px 0px;\">\n                <img src=\"https:\/\/home-stories.es\/wp-content\/uploads\/2020\/11\/Homestories_PasseigSantGervasi67_004-1024x684.jpg\" class=\"attachment-large size-large\" alt=\"Luz y expresi\u00f3n Sant Gervasi\" loading=\"lazy\" >              \n                <div class=\"overlay\" style=\"background-color: rgba(0, 0, 0, 0.3)\"><\/div>\n              <\/div>\n            <\/div>\n                        <div class=\"verde\" style=\"background-color:#e5e2d4;padding:10px 30px 0;\">On sale -&gt; <strong><\/strong><\/div>\n            <div class=\"verde\" style=\"background-color:#e5e2d4;padding:0px 30px 10px;\">1 ROOM |  BATHROOM | 49 m2<\/sup><\/div>\n                                    <div class=\"gap-element clearfix\" style=\"display:block; height:auto; padding-top: 15px;\"><\/div>\n            <div class=\"verde\" style=\"font-size:80%;\">REFERENCE: 1234-987658<br><\/div>            \n            <div class=\"verde\" style=\"font-size:200%;line-height:1.1;margin:10px 0;\">Luz y expresi\u00f3n Sant Gervasi<\/div>\n                        <div style=\"font-size:90%;\"><strong>Passeig de Sant Gervasi<\/strong><br>\n              <p>Un lugar para la expresi\u00f3n de la personalidad.<\/p>\n            <\/div>\n                      <\/a>\n        <\/div>\n      <\/div>\n                    <div class=\"col\" data-zona=\"\" data-tipo=\"\" data-metros=\"\" data-habitaciones=\"\" data-banos=\"\" data-precio=\"\" >\n          <div class=\"col-inner\" >\n          <a href=\"https:\/\/home-stories.es\/en\/propiedad\/a-forever-home-forever\/\" class=\"plain \">\n            <div class=\"img has-hover x md-x lg-x y md-y lg-y\" style=\"width: 100%;\">\n              <div class=\"img-inner image-overlay-add image-cover dark\" style=\"padding-top:80%;margin:0 0px 0px 0px;\">\n                <img src=\"https:\/\/home-stories.es\/wp-content\/uploads\/2021\/06\/Joaquin_Benlloch_27-1024x658.png\" class=\"attachment-large size-large\" alt=\"A forever home, forever\" loading=\"lazy\" >              \n                <div class=\"overlay\" style=\"background-color: rgba(0, 0, 0, 0.3)\"><\/div>\n              <\/div>\n            <\/div>\n                                    <div class=\"gap-element clearfix\" style=\"display:block; height:auto; padding-top: 15px;\"><\/div>\n            <div class=\"verde\" style=\"font-size:80%;\">REFERENCE: VV143<br><\/div>            \n            <div class=\"verde\" style=\"font-size:200%;line-height:1.1;margin:10px 0;\">A forever home, forever<\/div>\n                        <div style=\"font-size:90%;\"><strong>Calle Ingeniero Joaqu\u00edn Benlloch <\/strong><br>\n              <p>A big family.<\/p>\n            <\/div>\n                      <\/a>\n        <\/div>\n      <\/div>\n                    <div class=\"col\" data-zona=\"\" data-tipo=\"\" data-metros=\"\" data-habitaciones=\"\" data-banos=\"\" data-precio=\"\" >\n          <div class=\"col-inner\" >\n          <a href=\"https:\/\/home-stories.es\/en\/propiedad\/la-magia-del-sol-en-rosello\/\" class=\"plain \">\n            <div class=\"img has-hover x md-x lg-x y md-y lg-y\" style=\"width: 100%;\">\n              <div class=\"img-inner image-overlay-add image-cover dark\" style=\"padding-top:80%;margin:0 0px 0px 0px;\">\n                <img src=\"https:\/\/home-stories.es\/wp-content\/uploads\/2021\/01\/DSC_0004-1024x683.jpg\" class=\"attachment-large size-large\" alt=\"La magia del sol en Rosell\u00f3\" loading=\"lazy\" >              \n                <div class=\"overlay\" style=\"background-color: rgba(0, 0, 0, 0.3)\"><\/div>\n              <\/div>\n            <\/div>\n                        <div class=\"verde\" style=\"background-color:#e5e2d4;padding:10px 30px 0;\">On sale -&gt; <strong>375.000\u20ac<\/strong><\/div>\n            <div class=\"verde\" style=\"background-color:#e5e2d4;padding:0px 30px 10px;\">3 ROOM |  BATHROOM | 81m\u00b2<\/sup><\/div>\n                                    <div class=\"gap-element clearfix\" style=\"display:block; height:auto; padding-top: 15px;\"><\/div>\n            <div class=\"verde\" style=\"font-size:80%;\">REFERENCE: BV110<br><\/div>            \n            <div class=\"verde\" style=\"font-size:200%;line-height:1.1;margin:10px 0;\">La magia del sol en Rosell\u00f3<\/div>\n                        <div style=\"font-size:90%;\"><strong>Calle del\u00a0Rossell\u00f3 <\/strong><br>\n              <p>Despertarse con el sol de l&#8217;Eixample y so\u00f1ar con el silencio de tu rinc\u00f3n.<\/p>\n            <\/div>\n                      <\/a>\n        <\/div>\n      <\/div>\n                    <div class=\"col\" data-zona=\"La Ca\u00f1ada\" data-tipo=\"Chalet\" data-metros=\"1.000 m2&lt; 2.000 m2\" data-habitaciones=\"+4, 5\" data-banos=\"4\" data-precio=\"\" >\n          <div class=\"col-inner\" >\n          <a href=\"https:\/\/home-stories.es\/en\/propiedad\/send-chalet-valencia-paterna-lacanada\/\" class=\"plain \">\n            <div class=\"img has-hover x md-x lg-x y md-y lg-y\" style=\"width: 100%;\">\n              <div class=\"img-inner image-overlay-add image-cover dark\" style=\"padding-top:80%;margin:0 0px 0px 0px;\">\n                <img src=\"https:\/\/home-stories.es\/wp-content\/uploads\/2021\/06\/Plantio7_14-1024x658.png\" class=\"attachment-large size-large\" alt=\"The beauty of minimalism\" loading=\"lazy\" >              \n                <div class=\"overlay\" style=\"background-color: rgba(0, 0, 0, 0.3)\"><\/div>\n              <\/div>\n            <\/div>\n                        <div class=\"verde\" style=\"background-color:#e5e2d4;padding:10px 30px 0;\">On sale -&gt; <strong>740.000\u20ac<\/strong><\/div>\n            <div class=\"verde\" style=\"background-color:#e5e2d4;padding:0px 30px 10px;\">5 ROOM |  BATHROOM | 1000 m\u00b2<\/sup><\/div>\n                                    <div class=\"gap-element clearfix\" style=\"display:block; height:auto; padding-top: 15px;\"><\/div>\n            <div class=\"verde\" style=\"font-size:80%;\">REFERENCE: VV137<br><\/div>            \n            <div class=\"verde\" style=\"font-size:200%;line-height:1.1;margin:10px 0;\">The beauty of minimalism<\/div>\n                        <div style=\"font-size:90%;\"><strong>El Plant\u00edo <\/strong><br>\n              <p>Between my walls you can breathe serenity and good taste.<\/p>\n            <\/div>\n                      <\/a>\n        <\/div>\n      <\/div>\n                    <div class=\"col\" data-zona=\"C\u00e1novas, Centro\" data-tipo=\"Floors\" data-metros=\"\" data-habitaciones=\"4\" data-banos=\"2\" data-precio=\"300.000\u20ac, 400.000\u20ac\" >\n          <div class=\"col-inner\" >\n          <a href=\"https:\/\/home-stories.es\/en\/propiedad\/un-hogar-de-ensueno\/\" class=\"plain \">\n            <div class=\"img has-hover x md-x lg-x y md-y lg-y\" style=\"width: 100%;\">\n              <div class=\"img-inner image-overlay-add image-cover dark\" style=\"padding-top:80%;margin:0 0px 0px 0px;\">\n                <img src=\"https:\/\/home-stories.es\/wp-content\/uploads\/2021\/07\/SALAMANCA_01-1024x658.png\" class=\"attachment-large size-large\" alt=\"Un hogar de ensue\u00f1o\" loading=\"lazy\" >              \n                <div class=\"overlay\" style=\"background-color: rgba(0, 0, 0, 0.3)\"><\/div>\n              <\/div>\n            <\/div>\n                        <div class=\"verde\" style=\"background-color:#e5e2d4;padding:10px 30px 0;\">On sale -&gt; <strong>425.000\u20ac<\/strong><\/div>\n            <div class=\"verde\" style=\"background-color:#e5e2d4;padding:0px 30px 10px;\">4 ROOM |  BATHROOM | 181 m\u00b2<\/sup><\/div>\n                                    <div class=\"gap-element clearfix\" style=\"display:block; height:auto; padding-top: 15px;\"><\/div>\n            <div class=\"verde\" style=\"font-size:80%;\">REFERENCE: VV134<br><\/div>            \n            <div class=\"verde\" style=\"font-size:200%;line-height:1.1;margin:10px 0;\">Un hogar de ensue\u00f1o<\/div>\n                        <div style=\"font-size:90%;\"><strong>C\u00e1novas<\/strong><br>\n              <p>Unquestionably precious.<\/p>\n            <\/div>\n                      <\/a>\n        <\/div>\n      <\/div>\n                    <div class=\"col\" data-zona=\"\" data-tipo=\"Bajos\" data-metros=\"\" data-habitaciones=\"1\" data-banos=\"1\" data-precio=\"\" >\n          <div class=\"col-inner\" >\n          <a href=\"https:\/\/home-stories.es\/en\/propiedad\/your-inspiration-place\/\" class=\"plain \">\n            <div class=\"img has-hover x md-x lg-x y md-y lg-y\" style=\"width: 100%;\">\n              <div class=\"img-inner image-overlay-add image-cover dark\" style=\"padding-top:80%;margin:0 0px 0px 0px;\">\n                <img src=\"https:\/\/home-stories.es\/wp-content\/uploads\/2021\/06\/Bajo_Balmes_11-1024x658.png\" class=\"attachment-large size-large\" alt=\"Your inspiration place\" loading=\"lazy\" >              \n                <div class=\"overlay\" style=\"background-color: rgba(0, 0, 0, 0.3)\"><\/div>\n              <\/div>\n            <\/div>\n                        <div class=\"verde\" style=\"background-color:#e5e2d4;padding:10px 30px 0;\">On sale -&gt; <strong>380.000\u20ac<\/strong><\/div>\n            <div class=\"verde\" style=\"background-color:#e5e2d4;padding:0px 30px 10px;\">1 ROOM |  BATHROOM | 136 m\u00b2<\/sup><\/div>\n                                    <div class=\"gap-element clearfix\" style=\"display:block; height:auto; padding-top: 15px;\"><\/div>\n            <div class=\"verde\" style=\"font-size:80%;\">REFERENCE: BV131<br><\/div>            \n            <div class=\"verde\" style=\"font-size:200%;line-height:1.1;margin:10px 0;\">Your inspiration place<\/div>\n                        <div style=\"font-size:90%;\"><strong>Calle Balmes <\/strong><br>\n              <p>I am a piece of art.<\/p>\n            <\/div>\n                      <\/a>\n        <\/div>\n      <\/div>\n                    <div class=\"col\" data-zona=\"Ruzafa\" data-tipo=\"Floors\" data-metros=\"\" data-habitaciones=\"2\" data-banos=\"1\" data-precio=\"\" >\n          <div class=\"col-inner\" >\n          <a href=\"https:\/\/home-stories.es\/en\/propiedad\/rent-flat-valencia-center-ruzafa\/\" class=\"plain \">\n            <div class=\"img has-hover x md-x lg-x y md-y lg-y\" style=\"width: 100%;\">\n              <div class=\"img-inner image-overlay-add image-cover dark\" style=\"padding-top:80%;margin:0 0px 0px 0px;\">\n                <img src=\"https:\/\/home-stories.es\/wp-content\/uploads\/2021\/06\/Sueca_03-1024x768.jpg\" class=\"attachment-large size-large\" alt=\"An artistic manifestation\" loading=\"lazy\" >              \n                <div class=\"overlay\" style=\"background-color: rgba(0, 0, 0, 0.3)\"><\/div>\n              <\/div>\n            <\/div>\n                        <div class=\"verde\" style=\"background-color:#e5e2d4;padding:10px 30px 0;\">On sale -&gt; <strong>230.000\u20ac<\/strong><\/div>\n            <div class=\"verde\" style=\"background-color:#e5e2d4;padding:0px 30px 10px;\">2 ROOM |  BATHROOM | 80 m\u00b2 +10 m\u00b2  Terraza<\/sup><\/div>\n                                    <div class=\"gap-element clearfix\" style=\"display:block; height:auto; padding-top: 15px;\"><\/div>\n            <div class=\"verde\" style=\"font-size:80%;\">REFERENCE: VV135<br><\/div>            \n            <div class=\"verde\" style=\"font-size:200%;line-height:1.1;margin:10px 0;\">An artistic manifestation<\/div>\n                        <div style=\"font-size:90%;\"><strong>Calle Sueca <\/strong><br>\n              <p>My neighborhood defines me.<\/p>\n            <\/div>\n                      <\/a>\n        <\/div>\n      <\/div>\n                    <div class=\"col\" data-zona=\"\" data-tipo=\"\" data-metros=\"\" data-habitaciones=\"\" data-banos=\"\" data-precio=\"\" >\n          <div class=\"col-inner\" >\n          <a href=\"https:\/\/home-stories.es\/en\/propiedad\/absoluto-born\/\" class=\"plain \">\n            <div class=\"img has-hover x md-x lg-x y md-y lg-y\" style=\"width: 100%;\">\n              <div class=\"img-inner image-overlay-add image-cover dark\" style=\"padding-top:80%;margin:0 0px 0px 0px;\">\n                <img src=\"https:\/\/home-stories.es\/wp-content\/uploads\/2020\/10\/7Z7A3276-Bearbeitet-1024x683.jpg\" class=\"attachment-large size-large\" alt=\"Alma de Born\" loading=\"lazy\" >              \n                <div class=\"overlay\" style=\"background-color: rgba(0, 0, 0, 0.3)\"><\/div>\n              <\/div>\n            <\/div>\n                        <div class=\"verde\" style=\"background-color:#e5e2d4;padding:10px 30px 0;\">On sale -&gt; <strong><\/strong><\/div>\n            <div class=\"verde\" style=\"background-color:#e5e2d4;padding:0px 30px 10px;\">2 ROOM |  BATHROOM | 50 m2<\/sup><\/div>\n                                    <div class=\"gap-element clearfix\" style=\"display:block; height:auto; padding-top: 15px;\"><\/div>\n            <div class=\"verde\" style=\"font-size:80%;\">REFERENCE: 1234-987656<br><\/div>            \n            <div class=\"verde\" style=\"font-size:200%;line-height:1.1;margin:10px 0;\">Alma de Born<\/div>\n                        <div style=\"font-size:90%;\"><strong>Calle Cecs de Sant Cugat<\/strong><br>\n              <p>La comuni\u00f3n del encanto y la sofisticaci\u00f3n, alma de Born.<\/p>\n            <\/div>\n                      <\/a>\n        <\/div>\n      <\/div>\n                    <div class=\"col\" data-zona=\"C\u00e1novas\" data-tipo=\"Floors\" data-metros=\"\" data-habitaciones=\"2\" data-banos=\"1\" data-precio=\"800\" >\n          <div class=\"col-inner\" >\n          <a href=\"https:\/\/home-stories.es\/en\/propiedad\/aire-oriental\/\" class=\"plain \">\n            <div class=\"img has-hover x md-x lg-x y md-y lg-y\" style=\"width: 100%;\">\n              <div class=\"img-inner image-overlay-add image-cover dark\" style=\"padding-top:80%;margin:0 0px 0px 0px;\">\n                <img src=\"https:\/\/home-stories.es\/wp-content\/uploads\/2021\/06\/Conde-Altea_20-1024x658.png\" class=\"attachment-large size-large\" alt=\"Aire oriental\" loading=\"lazy\" >              \n                <div class=\"overlay\" style=\"background-color: rgba(0, 0, 0, 0.3)\"><\/div>\n              <\/div>\n            <\/div>\n                        <div class=\"verde\" style=\"background-color:#e5e2d4;padding:10px 30px 0;\">On sale -&gt; <strong>245.0000\u20ac<\/strong><\/div>\n            <div class=\"verde\" style=\"background-color:#e5e2d4;padding:0px 30px 10px;\">2 ROOM | 1 BATHROOM | 68 m\u00b2<\/sup><\/div>\n                                    <div class=\"gap-element clearfix\" style=\"display:block; height:auto; padding-top: 15px;\"><\/div>\n            <div class=\"verde\" style=\"font-size:80%;\">REFERENCE: VA143<br><\/div>            \n            <div class=\"verde\" style=\"font-size:200%;line-height:1.1;margin:10px 0;\">Aire oriental<\/div>\n                        <div style=\"font-size:90%;\"><strong>Zona C\u00e1novas<\/strong><br>\n              <p>Exotic reminiscences that will teleport you.<\/p>\n            <\/div>\n                      <\/a>\n        <\/div>\n      <\/div>\n                    <div class=\"col\" data-zona=\"Entrenaranjos, Ribarroja\" data-tipo=\"Chalet\" data-metros=\"1.000 m2&lt; 2.000 m2\" data-habitaciones=\"4\" data-banos=\"2\" data-precio=\"300.000\u20ac, 400.000\u20ac\" >\n          <div class=\"col-inner\" >\n          <a href=\"https:\/\/home-stories.es\/en\/propiedad\/send-chalet-valencia-ribarroja-entrenaranjos-avenidaturia\/\" class=\"plain \">\n            <div class=\"img has-hover x md-x lg-x y md-y lg-y\" style=\"width: 100%;\">\n              <div class=\"img-inner image-overlay-add image-cover dark\" style=\"padding-top:80%;margin:0 0px 0px 0px;\">\n                <img src=\"https:\/\/home-stories.es\/wp-content\/uploads\/2021\/05\/Ribarroja_19-1-1024x658.png\" class=\"attachment-large size-large\" alt=\"Mediterranean enjoy\" loading=\"lazy\" >              \n                <div class=\"overlay\" style=\"background-color: rgba(0, 0, 0, 0.3)\"><\/div>\n              <\/div>\n            <\/div>\n                        <div class=\"verde\" style=\"background-color:#e5e2d4;padding:10px 30px 0;\">On sale -&gt; <strong>375.000\u20ac<\/strong><\/div>\n            <div class=\"verde\" style=\"background-color:#e5e2d4;padding:0px 30px 10px;\">4 ROOM | 2 BATHROOMS | 525<\/sup><\/div>\n                                    <div class=\"gap-element clearfix\" style=\"display:block; height:auto; padding-top: 15px;\"><\/div>\n            <div class=\"verde\" style=\"font-size:80%;\">REFERENCE: VV115<br><\/div>            \n            <div class=\"verde\" style=\"font-size:200%;line-height:1.1;margin:10px 0;\">Mediterranean enjoy<\/div>\n                        <div style=\"font-size:90%;\"><strong>Entrenaranjos<\/strong><br>\n              <p>Pool, fruit trees and fresh air.<\/p>\n            <\/div>\n                      <\/a>\n        <\/div>\n      <\/div>\n                    <div class=\"col\" data-zona=\"Campolivar\" data-tipo=\"Chalet, Houses\" data-metros=\"1.000 m2&lt; 2.000 m2\" data-habitaciones=\"4\" data-banos=\"4\" data-precio=\"1.250.000\u20ac\" >\n          <div class=\"col-inner\" >\n          <a href=\"https:\/\/home-stories.es\/en\/propiedad\/for-sale-house-valencia-campolivar\/\" class=\"plain \">\n            <div class=\"img has-hover x md-x lg-x y md-y lg-y\" style=\"width: 100%;\">\n              <div class=\"img-inner image-overlay-add image-cover dark\" style=\"padding-top:80%;margin:0 0px 0px 0px;\">\n                <img src=\"https:\/\/home-stories.es\/wp-content\/uploads\/2021\/04\/Campo-Olivar_fot_32-1-1024x658.png\" class=\"attachment-large size-large\" alt=\"Your oasis of disconnection\" loading=\"lazy\" >              \n                <div class=\"overlay\" style=\"background-color: rgba(0, 0, 0, 0.3)\"><\/div>\n              <\/div>\n            <\/div>\n                        <div class=\"verde\" style=\"background-color:#e5e2d4;padding:10px 30px 0;\">On sale -&gt; <strong>1.250.000\u20ac<\/strong><\/div>\n            <div class=\"verde\" style=\"background-color:#e5e2d4;padding:0px 30px 10px;\">4 ROOM | 4 BATHROOMS | 1.000 m\u00b2<\/sup><\/div>\n                                    <div class=\"gap-element clearfix\" style=\"display:block; height:auto; padding-top: 15px;\"><\/div>\n            <div class=\"verde\" style=\"font-size:80%;\">REFERENCE: VV103<br><\/div>            \n            <div class=\"verde\" style=\"font-size:200%;line-height:1.1;margin:10px 0;\">Your oasis of disconnection<\/div>\n                        <div style=\"font-size:90%;\"><strong>Campolivar<\/strong><br>\n              <p>Your haven of disconnection and fresh air in the city.<\/p>\n            <\/div>\n                      <\/a>\n        <\/div>\n      <\/div>\n                    <div class=\"col\" data-zona=\"\" data-tipo=\"\" data-metros=\"\" data-habitaciones=\"\" data-banos=\"\" data-precio=\"\" >\n          <div class=\"col-inner\" >\n          <a href=\"https:\/\/home-stories.es\/en\/propiedad\/venta-casa-naquera-valencia-lujo\/\" class=\"plain \">\n            <div class=\"img has-hover x md-x lg-x y md-y lg-y\" style=\"width: 100%;\">\n              <div class=\"img-inner image-overlay-add image-cover dark\" style=\"padding-top:80%;margin:0 0px 0px 0px;\">\n                <img src=\"https:\/\/home-stories.es\/wp-content\/uploads\/2021\/08\/Naquera_00-portada-1024x658.png\" class=\"attachment-large size-large\" alt=\"Tocar el cielo en La Calderona\" loading=\"lazy\" >              \n                <div class=\"overlay\" style=\"background-color: rgba(0, 0, 0, 0.3)\"><\/div>\n              <\/div>\n            <\/div>\n                        <div class=\"verde\" style=\"background-color:#e5e2d4;padding:10px 30px 0;\">On sale -&gt; <strong>VENDIDA<\/strong><\/div>\n            <div class=\"verde\" style=\"background-color:#e5e2d4;padding:0px 30px 10px;\">6 ROOM |  BATHROOM | 500 m\u00b2<\/sup><\/div>\n                                    <div class=\"gap-element clearfix\" style=\"display:block; height:auto; padding-top: 15px;\"><\/div>\n            <div class=\"verde\" style=\"font-size:80%;\">REFERENCE: VV159<br><\/div>            \n            <div class=\"verde\" style=\"font-size:200%;line-height:1.1;margin:10px 0;\">Tocar el cielo en La Calderona<\/div>\n                        <div style=\"font-size:90%;\"><strong>N\u00e1quera<\/strong><br>\n              <p style=\"margin: 0cm;\"><strong><span style=\"font-size: 9.0pt; font-family: 'Helvetica',sans-serif;\">Un mirador a la monta\u00f1a, el bienestar y los detalles.<\/span><\/strong><\/p>\n<p style=\"margin: 0cm; font-stretch: normal;\"><span style=\"font-size: 9.0pt; font-family: 'Helvetica',sans-serif;\">\u00a0<\/span><\/p>\n            <\/div>\n                      <\/a>\n        <\/div>\n      <\/div>\n                    <div class=\"col\" data-zona=\"\" data-tipo=\"Floors\" data-metros=\"&lt;100 m2\" data-habitaciones=\"1\" data-banos=\"2\" data-precio=\"200.000\u20ac\" >\n          <div class=\"col-inner\" >\n          <a href=\"https:\/\/home-stories.es\/en\/propiedad\/alquiler-piso-valencia-centro-guillemdecastro\/\" class=\"plain \">\n            <div class=\"img has-hover x md-x lg-x y md-y lg-y\" style=\"width: 100%;\">\n              <div class=\"img-inner image-overlay-add image-cover dark\" style=\"padding-top:80%;margin:0 0px 0px 0px;\">\n                <img src=\"https:\/\/home-stories.es\/wp-content\/uploads\/2021\/12\/20211214_150231MARCA.jpg\" class=\"attachment-large size-large\" alt=\"Vive y deja vivir\" loading=\"lazy\" >              \n                <div class=\"overlay\" style=\"background-color: rgba(0, 0, 0, 0.3)\"><\/div>\n              <\/div>\n            <\/div>\n                        <div class=\"verde\" style=\"background-color:#e5e2d4;padding:10px 30px 0;\">On sale -&gt; <strong>RESERVADO<\/strong><\/div>\n            <div class=\"verde\" style=\"background-color:#e5e2d4;padding:0px 30px 10px;\">1 ROOM |  BATHROOM | 80 m\u00b2 + 40 m\u00b2 Terraza<\/sup><\/div>\n                                    <div class=\"gap-element clearfix\" style=\"display:block; height:auto; padding-top: 15px;\"><\/div>\n            <div class=\"verde\" style=\"font-size:80%;\">REFERENCE: VV213<br><\/div>            \n            <div class=\"verde\" style=\"font-size:200%;line-height:1.1;margin:10px 0;\">Vive y deja vivir<\/div>\n                        <div style=\"font-size:90%;\"><strong>Guillem de Castro <\/strong><br>\n              <p><strong>Disfr\u00fatame a pleno sol<\/strong><\/p>\n            <\/div>\n                      <\/a>\n        <\/div>\n      <\/div>\n                    <div class=\"col\" data-zona=\"Avenida Blasco Ib\u00e1\u00f1ez\" data-tipo=\"Flat, Floors\" data-metros=\"100 m2 - 200 m2\" data-habitaciones=\"3\" data-banos=\"2\" data-precio=\"260.000\u20ac\" >\n          <div class=\"col-inner\" >\n          <a href=\"https:\/\/home-stories.es\/en\/propiedad\/for-sale-flat-valencia\/\" class=\"plain \">\n            <div class=\"img has-hover x md-x lg-x y md-y lg-y\" style=\"width: 100%;\">\n              <div class=\"img-inner image-overlay-add image-cover dark\" style=\"padding-top:80%;margin:0 0px 0px 0px;\">\n                <img src=\"https:\/\/home-stories.es\/wp-content\/uploads\/2021\/04\/Blasco_Ibanez_04-1024x658.png\" class=\"attachment-large size-large\" alt=\"Avenue of your home, in Valencia\" loading=\"lazy\" >              \n                <div class=\"overlay\" style=\"background-color: rgba(0, 0, 0, 0.3)\"><\/div>\n              <\/div>\n            <\/div>\n                        <div class=\"verde\" style=\"background-color:#e5e2d4;padding:10px 30px 0;\">On sale -&gt; <strong>260.000\u20ac<\/strong><\/div>\n            <div class=\"verde\" style=\"background-color:#e5e2d4;padding:0px 30px 10px;\">3 ROOM | 2 BATHROOMS | 110 m\u00b2<\/sup><\/div>\n                                    <div class=\"gap-element clearfix\" style=\"display:block; height:auto; padding-top: 15px;\"><\/div>\n            <div class=\"verde\" style=\"font-size:80%;\">REFERENCE: VV105<br><\/div>            \n            <div class=\"verde\" style=\"font-size:200%;line-height:1.1;margin:10px 0;\">Avenue of your home, in Valencia<\/div>\n                        <div style=\"font-size:90%;\"><strong>Avda. Blasco Ib\u00e1\u00f1ez <\/strong><br>\n              <p><span class=\"Y2IQFc\" lang=\"en\">Living in one of the liveliest neighborhoods in the city will fill you with life.<\/span><\/p>\n            <\/div>\n                      <\/a>\n        <\/div>\n      <\/div>\n                    <div class=\"col\" data-zona=\"\" data-tipo=\"Floors\" data-metros=\"\" data-habitaciones=\"4\" data-banos=\"2\" data-precio=\"\" >\n          <div class=\"col-inner\" >\n          <a href=\"https:\/\/home-stories.es\/en\/propiedad\/venta-piso-valencia-islascanarias\/\" class=\"plain \">\n            <div class=\"img has-hover x md-x lg-x y md-y lg-y\" style=\"width: 100%;\">\n              <div class=\"img-inner image-overlay-add image-cover dark\" style=\"padding-top:80%;margin:0 0px 0px 0px;\">\n                <img src=\"https:\/\/home-stories.es\/wp-content\/uploads\/2021\/11\/2141-rodrigo-pertegaz-0006.jpg\" class=\"attachment-large size-large\" alt=\"S\u00ed quiero\" loading=\"lazy\" >              \n                <div class=\"overlay\" style=\"background-color: rgba(0, 0, 0, 0.3)\"><\/div>\n              <\/div>\n            <\/div>\n                        <div class=\"verde\" style=\"background-color:#e5e2d4;padding:10px 30px 0;\">On sale -&gt; <strong>Vendido<\/strong><\/div>\n            <div class=\"verde\" style=\"background-color:#e5e2d4;padding:0px 30px 10px;\">4 ROOM |  BATHROOM | 140 m\u00b2<\/sup><\/div>\n                                    <div class=\"gap-element clearfix\" style=\"display:block; height:auto; padding-top: 15px;\"><\/div>\n            <div class=\"verde\" style=\"font-size:80%;\">REFERENCE: VV188<br><\/div>            \n            <div class=\"verde\" style=\"font-size:200%;line-height:1.1;margin:10px 0;\">S\u00ed quiero<\/div>\n                        <div style=\"font-size:90%;\"><strong>Calle Rodrigo Perteg\u00e1s<\/strong><br>\n              <p><strong>Estoy preparado para que vivamos juntos<\/strong><\/p>\n            <\/div>\n                      <\/a>\n        <\/div>\n      <\/div>\n                    <div class=\"col\" data-zona=\"Center\" data-tipo=\"Flat, Floors\" data-metros=\"100 m2 - 200 m2\" data-habitaciones=\"2\" data-banos=\"2\" data-precio=\"420.000\u20ac\" >\n          <div class=\"col-inner\" >\n          <a href=\"https:\/\/home-stories.es\/en\/propiedad\/for-sale-flat-valencia-center\/\" class=\"plain \">\n            <div class=\"img has-hover x md-x lg-x y md-y lg-y\" style=\"width: 100%;\">\n              <div class=\"img-inner image-overlay-add image-cover dark\" style=\"padding-top:80%;margin:0 0px 0px 0px;\">\n                <img src=\"https:\/\/home-stories.es\/wp-content\/uploads\/2021\/04\/Plaza_Manise-20-1024x658.png\" class=\"attachment-large size-large\" alt=\"A jewel in the center of Valencia\" loading=\"lazy\" >              \n                <div class=\"overlay\" style=\"background-color: rgba(0, 0, 0, 0.3)\"><\/div>\n              <\/div>\n            <\/div>\n                        <div class=\"verde\" style=\"background-color:#e5e2d4;padding:10px 30px 0;\">On sale -&gt; <strong>420.000<\/strong><\/div>\n            <div class=\"verde\" style=\"background-color:#e5e2d4;padding:0px 30px 10px;\">2 ROOM | 2 BATHROOMS | 103 m\u00b2<\/sup><\/div>\n                                    <div class=\"gap-element clearfix\" style=\"display:block; height:auto; padding-top: 15px;\"><\/div>\n            <div class=\"verde\" style=\"font-size:80%;\">REFERENCE: VV120<br><\/div>            \n            <div class=\"verde\" style=\"font-size:200%;line-height:1.1;margin:10px 0;\">A jewel in the center of Valencia<\/div>\n                        <div style=\"font-size:90%;\"><strong>Ciutat Vella<\/strong><br>\n              <p>To the last detail.<\/p>\n            <\/div>\n                      <\/a>\n        <\/div>\n      <\/div>\n                    <div class=\"col\" data-zona=\"C\u00e1novas, Centro\" data-tipo=\"Floors\" data-metros=\"\" data-habitaciones=\"4\" data-banos=\"2\" data-precio=\"300.000\u20ac, 400.000\u20ac\" >\n          <div class=\"col-inner\" >\n          <a href=\"https:\/\/home-stories.es\/en\/propiedad\/sned-flat-valencia-canovas-center\/\" class=\"plain \">\n            <div class=\"img has-hover x md-x lg-x y md-y lg-y\" style=\"width: 100%;\">\n              <div class=\"img-inner image-overlay-add image-cover dark\" style=\"padding-top:80%;margin:0 0px 0px 0px;\">\n                <img src=\"https:\/\/home-stories.es\/wp-content\/uploads\/2021\/07\/SALAMANCA_01-1024x658.png\" class=\"attachment-large size-large\" alt=\"Un hogar de ensue\u00f1o\" loading=\"lazy\" >              \n                <div class=\"overlay\" style=\"background-color: rgba(0, 0, 0, 0.3)\"><\/div>\n              <\/div>\n            <\/div>\n                        <div class=\"verde\" style=\"background-color:#e5e2d4;padding:10px 30px 0;\">On sale -&gt; <strong>425.000\u20ac<\/strong><\/div>\n            <div class=\"verde\" style=\"background-color:#e5e2d4;padding:0px 30px 10px;\">4 ROOM |  BATHROOM | 181 m\u00b2<\/sup><\/div>\n                                    <div class=\"gap-element clearfix\" style=\"display:block; height:auto; padding-top: 15px;\"><\/div>\n            <div class=\"verde\" style=\"font-size:80%;\">REFERENCE: VV134<br><\/div>            \n            <div class=\"verde\" style=\"font-size:200%;line-height:1.1;margin:10px 0;\">Un hogar de ensue\u00f1o<\/div>\n                        <div style=\"font-size:90%;\"><strong>C\u00e1novas<\/strong><br>\n              <p>Unquestionably precious.<\/p>\n            <\/div>\n                      <\/a>\n        <\/div>\n      <\/div>\n                    <div class=\"col\" data-zona=\"El mercado\" data-tipo=\"\" data-metros=\"\" data-habitaciones=\"\" data-banos=\"\" data-precio=\"\" >\n          <div class=\"col-inner\" >\n          <a href=\"https:\/\/home-stories.es\/en\/propiedad\/venta-loft-valencia-perecomte-centro\/\" class=\"plain \">\n            <div class=\"img has-hover x md-x lg-x y md-y lg-y\" style=\"width: 100%;\">\n              <div class=\"img-inner image-overlay-add image-cover dark\" style=\"padding-top:80%;margin:0 0px 0px 0px;\">\n                <img src=\"https:\/\/home-stories.es\/wp-content\/uploads\/2021\/10\/Pere_Compte-1_portada.jpg\" class=\"attachment-large size-large\" alt=\"Con aire bohemio y vistas al pasado\" loading=\"lazy\" >              \n                <div class=\"overlay\" style=\"background-color: rgba(0, 0, 0, 0.3)\"><\/div>\n              <\/div>\n            <\/div>\n                        <div class=\"verde\" style=\"background-color:#e5e2d4;padding:10px 30px 0;\">On sale -&gt; <strong>VENDIDO<\/strong><\/div>\n            <div class=\"verde\" style=\"background-color:#e5e2d4;padding:0px 30px 10px;\">1 ROOM |  BATHROOM | 120 m\u00b2<\/sup><\/div>\n                                    <div class=\"gap-element clearfix\" style=\"display:block; height:auto; padding-top: 15px;\"><\/div>\n            <div class=\"verde\" style=\"font-size:80%;\">REFERENCE: VV175<br><\/div>            \n            <div class=\"verde\" style=\"font-size:200%;line-height:1.1;margin:10px 0;\">Con aire bohemio y vistas al pasado<\/div>\n                        <div style=\"font-size:90%;\"><strong>Loft  junto a la Lonja<\/strong><br>\n              <p><strong>Quiero ser el presente en el que construyas tu futuro<\/strong><\/p>\n            <\/div>\n                      <\/a>\n        <\/div>\n      <\/div>\n                    <div class=\"col\" data-zona=\"\" data-tipo=\"Flat\" data-metros=\"\" data-habitaciones=\"\" data-banos=\"\" data-precio=\"\" >\n          <div class=\"col-inner\" >\n          <a href=\"https:\/\/home-stories.es\/en\/propiedad\/venta-piso-reformado-valencia-avenidabaleares\/\" class=\"plain \">\n            <div class=\"img has-hover x md-x lg-x y md-y lg-y\" style=\"width: 100%;\">\n              <div class=\"img-inner image-overlay-add image-cover dark\" style=\"padding-top:80%;margin:0 0px 0px 0px;\">\n                <img src=\"\" class=\"attachment-large size-large\" alt=\"Taken from a story\" loading=\"lazy\" >              \n                <div class=\"overlay\" style=\"background-color: rgba(0, 0, 0, 0.3)\"><\/div>\n              <\/div>\n            <\/div>\n                        <div class=\"verde\" style=\"background-color:#e5e2d4;padding:10px 30px 0;\">On sale -&gt; <strong><\/strong><\/div>\n            <div class=\"verde\" style=\"background-color:#e5e2d4;padding:0px 30px 10px;\"> ROOM |  BATHROOM | <\/sup><\/div>\n                                    <div class=\"gap-element clearfix\" style=\"display:block; height:auto; padding-top: 15px;\"><\/div>\n            <div class=\"verde\" style=\"font-size:80%;\">REFERENCE: <br><\/div>            \n            <div class=\"verde\" style=\"font-size:200%;line-height:1.1;margin:10px 0;\">Taken from a story<\/div>\n                        <div style=\"font-size:90%;\"><strong><\/strong><br>\n                          <\/div>\n                      <\/a>\n        <\/div>\n      <\/div>\n                    <div class=\"col\" data-zona=\"\" data-tipo=\"\" data-metros=\"\" data-habitaciones=\"\" data-banos=\"\" data-precio=\"\" >\n          <div class=\"col-inner\" >\n          <a href=\"https:\/\/home-stories.es\/en\/propiedad\/los-tejados-sant-pere-abanto\/\" class=\"plain \">\n            <div class=\"img has-hover x md-x lg-x y md-y lg-y\" style=\"width: 100%;\">\n              <div class=\"img-inner image-overlay-add image-cover dark\" style=\"padding-top:80%;margin:0 0px 0px 0px;\">\n                <img src=\"https:\/\/home-stories.es\/wp-content\/uploads\/2020\/11\/Patio-3-1024x683.jpg\" class=\"attachment-large size-large\" alt=\"Los tejados Sant Pere\" loading=\"lazy\" >              \n                <div class=\"overlay\" style=\"background-color: rgba(0, 0, 0, 0.3)\"><\/div>\n              <\/div>\n            <\/div>\n                        <div class=\"verde\" style=\"background-color:#e5e2d4;padding:10px 30px 0;\">On sale -&gt; <strong><\/strong><\/div>\n            <div class=\"verde\" style=\"background-color:#e5e2d4;padding:0px 30px 10px;\">4 ROOM |  BATHROOM | 130 m2<\/sup><\/div>\n                                    <div class=\"gap-element clearfix\" style=\"display:block; height:auto; padding-top: 15px;\"><\/div>\n            <div class=\"verde\" style=\"font-size:80%;\">REFERENCE: 1234-987657<br><\/div>            \n            <div class=\"verde\" style=\"font-size:200%;line-height:1.1;margin:10px 0;\">Los tejados Sant Pere<\/div>\n                        <div style=\"font-size:90%;\"><strong>Calle de Sant Pere d'Abanto<\/strong><br>\n              <p>Vivir en los tejados. De Barcelona al cielo.<\/p>\n            <\/div>\n                      <\/a>\n        <\/div>\n      <\/div>\n                    <div class=\"col\" data-zona=\"\" data-tipo=\"\" data-metros=\"\" data-habitaciones=\"\" data-banos=\"\" data-precio=\"\" >\n          <div class=\"col-inner\" >\n          <a href=\"https:\/\/home-stories.es\/en\/propiedad\/duplex-sant-pere-abanto\/\" class=\"plain \">\n            <div class=\"img has-hover x md-x lg-x y md-y lg-y\" style=\"width: 100%;\">\n              <div class=\"img-inner image-overlay-add image-cover dark\" style=\"padding-top:80%;margin:0 0px 0px 0px;\">\n                <img src=\"https:\/\/home-stories.es\/wp-content\/uploads\/2020\/10\/Screen-Shot-2020-09-28-at-12.19.45-AM-1024x915-1.jpg\" class=\"attachment-large size-large\" alt=\"La solana de Sant Pere\" loading=\"lazy\" >              \n                <div class=\"overlay\" style=\"background-color: rgba(0, 0, 0, 0.3)\"><\/div>\n              <\/div>\n            <\/div>\n                        <div class=\"verde\" style=\"background-color:#e5e2d4;padding:10px 30px 0;\">On sale -&gt; <strong><\/strong><\/div>\n            <div class=\"verde\" style=\"background-color:#e5e2d4;padding:0px 30px 10px;\">4 ROOM |  BATHROOM | 140 m2<\/sup><\/div>\n                                    <div class=\"gap-element clearfix\" style=\"display:block; height:auto; padding-top: 15px;\"><\/div>\n            <div class=\"verde\" style=\"font-size:80%;\">REFERENCE: 1234-987655<br><\/div>            \n            <div class=\"verde\" style=\"font-size:200%;line-height:1.1;margin:10px 0;\">La solana de Sant Pere<\/div>\n                        <div style=\"font-size:90%;\"><strong>Calle del Moian\u00e8s<\/strong><br>\n              <p>Cuando la terraza se eleva y revela como estancia.<\/p>\n            <\/div>\n                      <\/a>\n        <\/div>\n      <\/div>\n                    <div class=\"col\" data-zona=\"\" data-tipo=\"\" data-metros=\"\" data-habitaciones=\"\" data-banos=\"\" data-precio=\"\" >\n          <div class=\"col-inner\" >\n          <a href=\"https:\/\/home-stories.es\/en\/propiedad\/venta-adosado-alboraia-valencia\/\" class=\"plain \">\n            <div class=\"img has-hover x md-x lg-x y md-y lg-y\" style=\"width: 100%;\">\n              <div class=\"img-inner image-overlay-add image-cover dark\" style=\"padding-top:80%;margin:0 0px 0px 0px;\">\n                <img src=\"https:\/\/home-stories.es\/wp-content\/uploads\/2022\/09\/WhatsApp-Image-2022-07-07-at-7.38.08-AM-4.jpg\" class=\"attachment-large size-large\" alt=\"Ver el cielo te\u00f1irse de rosa desde tu terraza\" loading=\"lazy\" >              \n                <div class=\"overlay\" style=\"background-color: rgba(0, 0, 0, 0.3)\"><\/div>\n              <\/div>\n            <\/div>\n                        <div class=\"verde\" style=\"background-color:#e5e2d4;padding:10px 30px 0;\">On sale -&gt; <strong>VENDIDA<\/strong><\/div>\n            <div class=\"verde\" style=\"background-color:#e5e2d4;padding:0px 30px 10px;\">4 ROOM |  BATHROOM | 262 m\u00b2<\/sup><\/div>\n                                    <div class=\"gap-element clearfix\" style=\"display:block; height:auto; padding-top: 15px;\"><\/div>\n            <div class=\"verde\" style=\"font-size:80%;\">REFERENCE: VV252<br><\/div>            \n            <div class=\"verde\" style=\"font-size:200%;line-height:1.1;margin:10px 0;\">Ver el cielo te\u00f1irse de rosa desde tu terraza<\/div>\n                        <div style=\"font-size:90%;\"><strong>Chalet Adosado en Alboraya<\/strong><br>\n              <p class=\"Cuerpo\"><strong><span lang=\"ES-TRAD\">Un tranquilo adosado en Val\u00e8ncia<\/span><\/strong><\/p>\n            <\/div>\n                      <\/a>\n        <\/div>\n      <\/div>\n                    <div class=\"col\" data-zona=\"Javalambre\" data-tipo=\"Houses\" data-metros=\"\" data-habitaciones=\"5\" data-banos=\"3\" data-precio=\"\" >\n          <div class=\"col-inner\" >\n          <a href=\"https:\/\/home-stories.es\/en\/propiedad\/venta-casa-javalambre-teruel-virgendelavega\/\" class=\"plain \">\n            <div class=\"img has-hover x md-x lg-x y md-y lg-y\" style=\"width: 100%;\">\n              <div class=\"img-inner image-overlay-add image-cover dark\" style=\"padding-top:80%;margin:0 0px 0px 0px;\">\n                <img src=\"https:\/\/home-stories.es\/wp-content\/uploads\/2021\/08\/Javalambre_17-1024x658.png\" class=\"attachment-large size-large\" alt=\"Un retiro de disfrute e introspecci\u00f3n\" loading=\"lazy\" >              \n                <div class=\"overlay\" style=\"background-color: rgba(0, 0, 0, 0.3)\"><\/div>\n              <\/div>\n            <\/div>\n                        <div class=\"verde\" style=\"background-color:#e5e2d4;padding:10px 30px 0;\">On sale -&gt; <strong>VENDIDO<\/strong><\/div>\n            <div class=\"verde\" style=\"background-color:#e5e2d4;padding:0px 30px 10px;\">5 ROOM |  BATHROOM | 408 m\u00b2<\/sup><\/div>\n                                    <div class=\"gap-element clearfix\" style=\"display:block; height:auto; padding-top: 15px;\"><\/div>\n            <div class=\"verde\" style=\"font-size:80%;\">REFERENCE: Javalambre<br><\/div>            \n            <div class=\"verde\" style=\"font-size:200%;line-height:1.1;margin:10px 0;\">Un retiro de disfrute e introspecci\u00f3n<\/div>\n                        <div style=\"font-size:90%;\"><strong>Virgen de la Vega<\/strong><br>\n              <p><strong>Vistas 360\u00ba<\/strong><\/p>\n            <\/div>\n                      <\/a>\n        <\/div>\n      <\/div>\n                    <div class=\"col\" data-zona=\"Centro\" data-tipo=\"Floors\" data-metros=\"200 m2 - 300 m2\" data-habitaciones=\"4\" data-banos=\"4\" data-precio=\"400.000\u20ac, 500.000\u20ac\" >\n          <div class=\"col-inner\" >\n          <a href=\"https:\/\/home-stories.es\/en\/propiedad\/for-sale-flat-valencia-pla-del-real\/\" class=\"plain \">\n            <div class=\"img has-hover x md-x lg-x y md-y lg-y\" style=\"width: 100%;\">\n              <div class=\"img-inner image-overlay-add image-cover dark\" style=\"padding-top:80%;margin:0 0px 0px 0px;\">\n                <img src=\"https:\/\/home-stories.es\/wp-content\/uploads\/2021\/04\/Micer_Masco_25-1024x658.png\" class=\"attachment-large size-large\" alt=\"A magazine home\" loading=\"lazy\" >              \n                <div class=\"overlay\" style=\"background-color: rgba(0, 0, 0, 0.3)\"><\/div>\n              <\/div>\n            <\/div>\n                        <div class=\"verde\" style=\"background-color:#e5e2d4;padding:10px 30px 0;\">On sale -&gt; <strong>890.000\u20ac<\/strong><\/div>\n            <div class=\"verde\" style=\"background-color:#e5e2d4;padding:0px 30px 10px;\">4 ROOM | 4 BATHROOMS | 227 m\u00b2<\/sup><\/div>\n                                    <div class=\"verde\" style=\"background-color:#e5e2d4;padding:10px 30px 0;\">For rent -&gt; <strong>890.000\u20ac<\/strong><\/div>\n            <div class=\"verde\" style=\"background-color:#e5e2d4;padding:0 30px 10px;\">4 ROOM | 4 BATHROOMS | 227 m\u00b2<\/sup><\/div>\n                        <div class=\"gap-element clearfix\" style=\"display:block; height:auto; padding-top: 15px;\"><\/div>\n            <div class=\"verde\" style=\"font-size:80%;\">REFERENCE: VV119<br><\/div>            \n            <div class=\"verde\" style=\"font-size:200%;line-height:1.1;margin:10px 0;\">A magazine home<\/div>\n                        <div style=\"font-size:90%;\"><strong>Micer Masc\u00f3<\/strong><br>\n              <p>An invitation to enjoyment.<\/p>\n            <\/div>\n                      <\/a>\n        <\/div>\n      <\/div>\n                    <div class=\"col\" data-zona=\"La Ca\u00f1ada\" data-tipo=\"Chalet, Houses\" data-metros=\"2.000 m2 -3.000 m2\" data-habitaciones=\"+4\" data-banos=\"3\" data-precio=\"1.500.000\u20ac\" >\n          <div class=\"col-inner\" >\n          <a href=\"https:\/\/home-stories.es\/en\/propiedad\/for-sale-house-valencia-paterna\/\" class=\"plain \">\n            <div class=\"img has-hover x md-x lg-x y md-y lg-y\" style=\"width: 100%;\">\n              <div class=\"img-inner image-overlay-add image-cover dark\" style=\"padding-top:80%;margin:0 0px 0px 0px;\">\n                <img src=\"https:\/\/home-stories.es\/wp-content\/uploads\/2021\/04\/10.1-1024x658.jpg\" class=\"attachment-large size-large\" alt=\"Surrounded by nature\" loading=\"lazy\" >              \n                <div class=\"overlay\" style=\"background-color: rgba(0, 0, 0, 0.3)\"><\/div>\n              <\/div>\n            <\/div>\n                        <div class=\"verde\" style=\"background-color:#e5e2d4;padding:10px 30px 0;\">On sale -&gt; <strong>1.500.000\u20ac<\/strong><\/div>\n            <div class=\"verde\" style=\"background-color:#e5e2d4;padding:0px 30px 10px;\">6 ROOM |  BATHROOM | 2.914 m\u00b2<\/sup><\/div>\n                                    <div class=\"gap-element clearfix\" style=\"display:block; height:auto; padding-top: 15px;\"><\/div>\n            <div class=\"verde\" style=\"font-size:80%;\">REFERENCE: VV117<br><\/div>            \n            <div class=\"verde\" style=\"font-size:200%;line-height:1.1;margin:10px 0;\">Surrounded by nature<\/div>\n                        <div style=\"font-size:90%;\"><strong>La Ca\u00f1ada (Paterna)<\/strong><br>\n              <p>Quality of life 10 minutes away from the city.<\/p>\n            <\/div>\n                      <\/a>\n        <\/div>\n      <\/div>\n                    <div class=\"col\" data-zona=\"El vedat\" data-tipo=\"Chalet\" data-metros=\"1.000 m2&lt; 2.000 m2, m\u00b2\" data-habitaciones=\"4\" data-banos=\"4\" data-precio=\"1.000.000\u20ac, 1.250.000\u20ac\" >\n          <div class=\"col-inner\" >\n          <a href=\"https:\/\/home-stories.es\/en\/propiedad\/rent-chalet-valencia-elvedat-torrente\/\" class=\"plain \">\n            <div class=\"img has-hover x md-x lg-x y md-y lg-y\" style=\"width: 100%;\">\n              <div class=\"img-inner image-overlay-add image-cover dark\" style=\"padding-top:80%;margin:0 0px 0px 0px;\">\n                <img src=\"https:\/\/home-stories.es\/wp-content\/uploads\/2021\/05\/Vedat_Torrent_03-1024x658.png\" class=\"attachment-large size-large\" alt=\"Charming life\" loading=\"lazy\" >              \n                <div class=\"overlay\" style=\"background-color: rgba(0, 0, 0, 0.3)\"><\/div>\n              <\/div>\n            <\/div>\n                        <div class=\"verde\" style=\"background-color:#e5e2d4;padding:10px 30px 0;\">On sale -&gt; <strong>1.050.000\u20ac<\/strong><\/div>\n            <div class=\"verde\" style=\"background-color:#e5e2d4;padding:0px 30px 10px;\">4 ROOM | 4 BATHROOMS | 1.700 m\u00b2<\/sup><\/div>\n                                    <div class=\"gap-element clearfix\" style=\"display:block; height:auto; padding-top: 15px;\"><\/div>\n            <div class=\"verde\" style=\"font-size:80%;\">REFERENCE: VV124<br><\/div>            \n            <div class=\"verde\" style=\"font-size:200%;line-height:1.1;margin:10px 0;\">Charming life<\/div>\n                        <div style=\"font-size:90%;\"><strong>El Vedat (Torrente)<\/strong><br>\n              <p>A home for everyone, forever.<\/p>\n            <\/div>\n                      <\/a>\n        <\/div>\n      <\/div>\n                    <div class=\"col\" data-zona=\"Eixample Esquerra\" data-tipo=\"Flat, Floors\" data-metros=\"100 m2 - 200 m2\" data-habitaciones=\"+4\" data-banos=\"3\" data-precio=\"1.520.000\u20ac\" >\n          <div class=\"col-inner\" >\n          <a href=\"https:\/\/home-stories.es\/en\/propiedad\/for-sale-flat-barcelona-eixample-esquerra\/\" class=\"plain \">\n            <div class=\"img has-hover x md-x lg-x y md-y lg-y\" style=\"width: 100%;\">\n              <div class=\"img-inner image-overlay-add image-cover dark\" style=\"padding-top:80%;margin:0 0px 0px 0px;\">\n                <img src=\"https:\/\/home-stories.es\/wp-content\/uploads\/2020\/10\/Homestories_Londres27_004_-1024x683.jpg\" class=\"attachment-large size-large\" alt=\"A classic Eixample Esquerra\" loading=\"lazy\" >              \n                <div class=\"overlay\" style=\"background-color: rgba(0, 0, 0, 0.3)\"><\/div>\n              <\/div>\n            <\/div>\n                        <div class=\"verde\" style=\"background-color:#e5e2d4;padding:10px 30px 0;\">On sale -&gt; <strong>1.520.000 \u20ac<\/strong><\/div>\n            <div class=\"verde\" style=\"background-color:#e5e2d4;padding:0px 30px 10px;\">6 ROOM |  BATHROOM | 190 m\u00b2<\/sup><\/div>\n                                    <div class=\"gap-element clearfix\" style=\"display:block; height:auto; padding-top: 15px;\"><\/div>\n            <div class=\"verde\" style=\"font-size:80%;\">REFERENCE: 1234-987654<br><\/div>            \n            <div class=\"verde\" style=\"font-size:200%;line-height:1.1;margin:10px 0;\">A classic Eixample Esquerra<\/div>\n                        <div style=\"font-size:90%;\"><strong>Calle Londres<\/strong><br>\n              <p><span class=\"Y2IQFc\" lang=\"en\">Space, the home of light and tradition.<\/span><\/p>\n            <\/div>\n                      <\/a>\n        <\/div>\n      <\/div>\n                    <div class=\"col\" data-zona=\"Los Monasterios\" data-tipo=\"Chalet\" data-metros=\"\" data-habitaciones=\"+4\" data-banos=\"+3\" data-precio=\"\" >\n          <div class=\"col-inner\" >\n          <a href=\"https:\/\/home-stories.es\/en\/propiedad\/venta-monasterios-puzol-valencia\/\" class=\"plain \">\n            <div class=\"img has-hover x md-x lg-x y md-y lg-y\" style=\"width: 100%;\">\n              <div class=\"img-inner image-overlay-add image-cover dark\" style=\"padding-top:80%;margin:0 0px 0px 0px;\">\n                <img src=\"https:\/\/home-stories.es\/wp-content\/uploads\/2021\/10\/Parcela25.jpg\" class=\"attachment-large size-large\" alt=\"Un Ed\u00e9n en Valencia\" loading=\"lazy\" >              \n                <div class=\"overlay\" style=\"background-color: rgba(0, 0, 0, 0.3)\"><\/div>\n              <\/div>\n            <\/div>\n                        <div class=\"verde\" style=\"background-color:#e5e2d4;padding:10px 30px 0;\">On sale -&gt; <strong>VENDIDO<\/strong><\/div>\n            <div class=\"verde\" style=\"background-color:#e5e2d4;padding:0px 30px 10px;\">6 ROOM |  BATHROOM | 583 m\u00b2 + 9.013 m\u00b2<\/sup><\/div>\n                                    <div class=\"gap-element clearfix\" style=\"display:block; height:auto; padding-top: 15px;\"><\/div>\n            <div class=\"verde\" style=\"font-size:80%;\">REFERENCE: VV180<br><\/div>            \n            <div class=\"verde\" style=\"font-size:200%;line-height:1.1;margin:10px 0;\">Un Ed\u00e9n en Valencia<\/div>\n                        <div style=\"font-size:90%;\"><strong>Los Monasterios<\/strong><br>\n              <p><strong>Como si el mism\u00edsimo Gaud\u00ed me hubiese dise\u00f1ado<\/strong><\/p>\n            <\/div>\n                      <\/a>\n        <\/div>\n      <\/div>\n          <\/div><\/div>\n\t<div id=\"gap-771269049\" class=\"gap-element clearfix\" style=\"display:block; height:auto;\">\n\t\t\n<style>\n#gap-771269049 {\n  padding-top: 20px;\n}\n@media (min-width:550px) {\n  #gap-771269049 {\n    padding-top: 150px;\n  }\n}\n<\/style>\n\t<\/div>\n\t\n\t<section class=\"section\" id=\"section_2100516202\">\n\t\t<div class=\"bg section-bg fill bg-fill  \" >\n\n\t\t\t\n\t\t\t\n\t\t\t\n\n\t\t<\/div>\n\n\t\t<div class=\"section-content relative\">\n\t\t\t\n<div class=\"row row-collapse\"  id=\"row-1393122628\">\n\n\t<div id=\"col-88410803\" class=\"col small-12 large-12\"  >\n\t\t<div class=\"col-inner text-center\"  >\n\t\t\t\n\t\t\t\n<div class=\"bold fs56\" style=\"color: #f7f3e7; line-height: 1.25;\">Si lo necesitas, nosotros te<br \/>buscamos tu nueva Stories.<\/div>\n\t<div id=\"gap-542197319\" class=\"gap-element clearfix\" style=\"display:block; height:auto;\">\n\t\t\n<style>\n#gap-542197319 {\n  padding-top: 30px;\n}\n<\/style>\n\t<\/div>\n\t\n<a href=\"\/personal-shopper\/\" target=\"_self\" class=\"button primary is-larger bgbeige rojo\"  style=\"border-radius:99px;\">\n    <span>Quiero saber m\u00e1s<\/span>\n  <\/a>\n\n\t\t<\/div>\n\t\t\t<\/div>\n\n\t\n<\/div>\n\t\t<\/div>\n\n\t\t\n<style>\n#section_2100516202 {\n  padding-top: 80px;\n  padding-bottom: 80px;\n}\n#section_2100516202 .section-bg.bg-loaded {\n  background-image: url(https:\/\/home-stories.es\/wp-content\/uploads\/2021\/02\/home-stories-personal-shopper.jpg);\n}\n#section_2100516202 .section-bg {\n  background-position: 41% 42%;\n}\n<\/style>\n\t<\/section>\n\t\n","protected":false},"excerpt":{"rendered":"","protected":false},"author":1,"featured_media":0,"parent":0,"menu_order":0,"comment_status":"closed","ping_status":"closed","template":"","meta":[],"acf":[],"yoast_head":"<!-- This site is optimized with the Yoast SEO plugin v16.8 - https:\/\/yoast.com\/wordpress\/plugins\/seo\/ -->\n<title>On sale - Home Stories - Compra, Alquila, Vende<\/title>\n<meta name=\"robots\" content=\"noindex, nofollow\" \/>\n<meta property=\"og:locale\" content=\"en_US\" \/>\n<meta property=\"og:type\" content=\"article\" \/>\n<meta property=\"og:title\" content=\"On sale - Home Stories - Compra, Alquila, Vende\" \/>\n<meta property=\"og:url\" content=\"https:\/\/home-stories.es\/en\/compra\/\" \/>\n<meta property=\"og:site_name\" content=\"Home Stories - Compra, Alquila, Vende\" \/>\n<meta property=\"article:modified_time\" content=\"2021-07-01T10:09:55+00:00\" \/>\n<meta name=\"twitter:card\" content=\"summary_large_image\" \/>\n<script type=\"application\/ld+json\" class=\"yoast-schema-graph\">{\"@context\":\"https:\/\/schema.org\",\"@graph\":[{\"@type\":\"WebSite\",\"@id\":\"https:\/\/home-stories.es\/#website\",\"url\":\"https:\/\/home-stories.es\/\",\"name\":\"Home Stories - Compra, Alquila, Vende\",\"description\":\"\",\"potentialAction\":[{\"@type\":\"SearchAction\",\"target\":{\"@type\":\"EntryPoint\",\"urlTemplate\":\"https:\/\/home-stories.es\/?s={search_term_string}\"},\"query-input\":\"required name=search_term_string\"}],\"inLanguage\":\"en-US\"},{\"@type\":\"WebPage\",\"@id\":\"https:\/\/home-stories.es\/en\/compra\/#webpage\",\"url\":\"https:\/\/home-stories.es\/en\/compra\/\",\"name\":\"On sale - Home Stories - Compra, Alquila, Vende\",\"isPartOf\":{\"@id\":\"https:\/\/home-stories.es\/#website\"},\"datePublished\":\"2020-10-21T09:27:43+00:00\",\"dateModified\":\"2021-07-01T10:09:55+00:00\",\"breadcrumb\":{\"@id\":\"https:\/\/home-stories.es\/en\/compra\/#breadcrumb\"},\"inLanguage\":\"en-US\",\"potentialAction\":[{\"@type\":\"ReadAction\",\"target\":[\"https:\/\/home-stories.es\/en\/compra\/\"]}]},{\"@type\":\"BreadcrumbList\",\"@id\":\"https:\/\/home-stories.es\/en\/compra\/#breadcrumb\",\"itemListElement\":[{\"@type\":\"ListItem\",\"position\":1,\"name\":\"Portada\",\"item\":\"https:\/\/home-stories.es\/en\/\"},{\"@type\":\"ListItem\",\"position\":2,\"name\":\"On sale\"}]}]}<\/script>\n<!-- \/ Yoast SEO plugin. -->","yoast_head_json":{"title":"On sale - Home Stories - Compra, Alquila, Vende","robots":{"index":"noindex","follow":"nofollow"},"og_locale":"en_US","og_type":"article","og_title":"On sale - Home Stories - Compra, Alquila, Vende","og_url":"https:\/\/home-stories.es\/en\/compra\/","og_site_name":"Home Stories - Compra, Alquila, Vende","article_modified_time":"2021-07-01T10:09:55+00:00","twitter_card":"summary_large_image","schema":{"@context":"https:\/\/schema.org","@graph":[{"@type":"WebSite","@id":"https:\/\/home-stories.es\/#website","url":"https:\/\/home-stories.es\/","name":"Home Stories - Compra, Alquila, Vende","description":"","potentialAction":[{"@type":"SearchAction","target":{"@type":"EntryPoint","urlTemplate":"https:\/\/home-stories.es\/?s={search_term_string}"},"query-input":"required name=search_term_string"}],"inLanguage":"en-US"},{"@type":"WebPage","@id":"https:\/\/home-stories.es\/en\/compra\/#webpage","url":"https:\/\/home-stories.es\/en\/compra\/","name":"On sale - Home Stories - Compra, Alquila, Vende","isPartOf":{"@id":"https:\/\/home-stories.es\/#website"},"datePublished":"2020-10-21T09:27:43+00:00","dateModified":"2021-07-01T10:09:55+00:00","breadcrumb":{"@id":"https:\/\/home-stories.es\/en\/compra\/#breadcrumb"},"inLanguage":"en-US","potentialAction":[{"@type":"ReadAction","target":["https:\/\/home-stories.es\/en\/compra\/"]}]},{"@type":"BreadcrumbList","@id":"https:\/\/home-stories.es\/en\/compra\/#breadcrumb","itemListElement":[{"@type":"ListItem","position":1,"name":"Portada","item":"https:\/\/home-stories.es\/en\/"},{"@type":"ListItem","position":2,"name":"On sale"}]}]}},"_links":{"self":[{"href":"https:\/\/home-stories.es\/en\/wp-json\/wp\/v2\/pages\/1230"}],"collection":[{"href":"https:\/\/home-stories.es\/en\/wp-json\/wp\/v2\/pages"}],"about":[{"href":"https:\/\/home-stories.es\/en\/wp-json\/wp\/v2\/types\/page"}],"author":[{"embeddable":true,"href":"https:\/\/home-stories.es\/en\/wp-json\/wp\/v2\/users\/1"}],"replies":[{"embeddable":true,"href":"https:\/\/home-stories.es\/en\/wp-json\/wp\/v2\/comments?post=1230"}],"version-history":[{"count":4,"href":"https:\/\/home-stories.es\/en\/wp-json\/wp\/v2\/pages\/1230\/revisions"}],"predecessor-version":[{"id":3927,"href":"https:\/\/home-stories.es\/en\/wp-json\/wp\/v2\/pages\/1230\/revisions\/3927"}],"wp:attachment":[{"href":"https:\/\/home-stories.es\/en\/wp-json\/wp\/v2\/media?parent=1230"}],"curies":[{"name":"wp","href":"https:\/\/api.w.org\/{rel}","templated":true}]}}